{"id":21810,"date":"2026-09-03T13:12:20","date_gmt":"2026-09-03T17:12:20","guid":{"rendered":"https:\/\/popfb.org\/event\/funeral-maria-eugenia-barrera\/"},"modified":"2026-09-03T13:12:20","modified_gmt":"2026-09-03T17:12:20","slug":"funeral-maria-eugenia-barrera","status":"publish","type":"tribe_events","link":"https:\/\/popfb.org\/es\/event\/funeral-maria-eugenia-barrera\/","title":{"rendered":"Funeral: Maria Eugenia Barrera"},"content":{"rendered":"<p>Por favor, oren por el eterno descanso del alma de Mar\u00eda Eugenia Barrera, quien falleci\u00f3 el 24 de julio de 2026. El padre Eric Baylot celebrar\u00e1 una Misa de Resurrecci\u00f3n el viernes 18 de septiembre a las 4:00 p. m. <\/p>\n","protected":false},"excerpt":{"rendered":"<p>Por favor, oren por el eterno descanso del alma de Mar\u00eda Eugenia Barrera, quien falleci\u00f3 el 24 de julio de 2026. El padre Eric Baylot celebrar\u00e1 una Misa de Resurrecci\u00f3n [&hellip;]<\/p>\n","protected":false},"author":1,"featured_media":21809,"template":"","meta":{"_tribe_events_status":"","_tribe_events_status_reason":"","_tribe_events_is_hybrid":"","_tribe_events_is_virtual":"","_tribe_events_virtual_video_source":"","_tribe_events_virtual_embed_video":"","_tribe_events_virtual_linked_button_text":"","_tribe_events_virtual_linked_button":"","_tribe_events_virtual_show_embed_at":"","_tribe_events_virtual_show_embed_to":[],"_tribe_events_virtual_show_on_event":"","_tribe_events_virtual_show_on_views":"","_tribe_events_virtual_url":"","_ecm_more_info_button_text":"","footnotes":""},"tags":[],"tribe_events_cat":[46,38],"class_list":["post-21810","tribe_events","type-tribe_events","status-publish","has-post-thumbnail","hentry","tribe_events_cat-eventos-destacados","tribe_events_cat-funerales","cat_eventos-destacados","cat_funerales"],"publishpress_future_workflow_manual_trigger":{"enabledWorkflows":[]},"_links":{"self":[{"href":"https:\/\/popfb.org\/es\/wp-json\/wp\/v2\/tribe_events\/21810","targetHints":{"allow":["GET"]}}],"collection":[{"href":"https:\/\/popfb.org\/es\/wp-json\/wp\/v2\/tribe_events"}],"about":[{"href":"https:\/\/popfb.org\/es\/wp-json\/wp\/v2\/types\/tribe_events"}],"author":[{"embeddable":true,"href":"https:\/\/popfb.org\/es\/wp-json\/wp\/v2\/users\/1"}],"version-history":[{"count":0,"href":"https:\/\/popfb.org\/es\/wp-json\/wp\/v2\/tribe_events\/21810\/revisions"}],"wp:featuredmedia":[{"embeddable":true,"href":"https:\/\/popfb.org\/es\/wp-json\/wp\/v2\/media\/21809"}],"wp:attachment":[{"href":"https:\/\/popfb.org\/es\/wp-json\/wp\/v2\/media?parent=21810"}],"wp:term":[{"taxonomy":"post_tag","embeddable":true,"href":"https:\/\/popfb.org\/es\/wp-json\/wp\/v2\/tags?post=21810"},{"taxonomy":"tribe_events_cat","embeddable":true,"href":"https:\/\/popfb.org\/es\/wp-json\/wp\/v2\/tribe_events_cat?post=21810"}],"curies":[{"name":"wp","href":"https:\/\/api.w.org\/{rel}","templated":true}]}}